{"id":604,"date":"2025-11-25T15:21:09","date_gmt":"2025-11-25T14:21:09","guid":{"rendered":"http:\/\/localhost:8888\/domaine-saint-vigor\/?page_id=604"},"modified":"2026-01-19T18:38:03","modified_gmt":"2026-01-19T17:38:03","slug":"evenements-prives-ou-professionnels","status":"publish","type":"page","link":"https:\/\/le-domaine-de-saint-vigor.fr\/index.php\/evenements-prives-ou-professionnels\/","title":{"rendered":"\u00c9v\u00e8nements priv\u00e9s ou professionnels"},"content":{"rendered":"\t\t<div data-elementor-type=\"wp-page\" data-elementor-id=\"604\" class=\"elementor elementor-604\">\n\t\t\t\t<div class=\"elementor-element elementor-element-7ccaf55 e-transform e-transform e-con-full e-flex wpr-particle-no wpr-jarallax-no wpr-parallax-no wpr-sticky-section-no e-con e-parent\" data-id=\"7ccaf55\" data-element_type=\"container\" data-e-type=\"container\" data-settings=\"{&quot;background_background&quot;:&quot;classic&quot;,&quot;_transform_translateX_effect&quot;:{&quot;unit&quot;:&quot;px&quot;,&quot;size&quot;:&quot;&quot;,&quot;sizes&quot;:[]},&quot;_transform_translateX_effect_tablet&quot;:{&quot;unit&quot;:&quot;px&quot;,&quot;size&quot;:&quot;&quot;,&quot;sizes&quot;:[]},&quot;_transform_translateX_effect_mobile&quot;:{&quot;unit&quot;:&quot;px&quot;,&quot;size&quot;:&quot;&quot;,&quot;sizes&quot;:[]},&quot;_transform_translateY_effect&quot;:{&quot;unit&quot;:&quot;px&quot;,&quot;size&quot;:&quot;&quot;,&quot;sizes&quot;:[]},&quot;_transform_translateY_effect_tablet&quot;:{&quot;unit&quot;:&quot;px&quot;,&quot;size&quot;:&quot;&quot;,&quot;sizes&quot;:[]},&quot;_transform_translateY_effect_mobile&quot;:{&quot;unit&quot;:&quot;px&quot;,&quot;size&quot;:&quot;&quot;,&quot;sizes&quot;:[]},&quot;_transform_scale_effect&quot;:{&quot;unit&quot;:&quot;px&quot;,&quot;size&quot;:&quot;&quot;,&quot;sizes&quot;:[]},&quot;_transform_scale_effect_tablet&quot;:{&quot;unit&quot;:&quot;px&quot;,&quot;size&quot;:&quot;&quot;,&quot;sizes&quot;:[]},&quot;_transform_scale_effect_mobile&quot;:{&quot;unit&quot;:&quot;px&quot;,&quot;size&quot;:&quot;&quot;,&quot;sizes&quot;:[]}}\">\n\t\t\t\t<div class=\"elementor-element elementor-element-0878e19 elementor-widget__width-initial e-transform elementor-invisible elementor-widget elementor-widget-heading\" data-id=\"0878e19\" data-element_type=\"widget\" data-e-type=\"widget\" data-settings=\"{&quot;_animation&quot;:&quot;fadeInDown&quot;,&quot;_transform_translateX_effect&quot;:{&quot;unit&quot;:&quot;px&quot;,&quot;size&quot;:&quot;&quot;,&quot;sizes&quot;:[]},&quot;_transform_translateX_effect_tablet&quot;:{&quot;unit&quot;:&quot;px&quot;,&quot;size&quot;:&quot;&quot;,&quot;sizes&quot;:[]},&quot;_transform_translateX_effect_mobile&quot;:{&quot;unit&quot;:&quot;px&quot;,&quot;size&quot;:&quot;&quot;,&quot;sizes&quot;:[]},&quot;_transform_translateY_effect&quot;:{&quot;unit&quot;:&quot;px&quot;,&quot;size&quot;:&quot;&quot;,&quot;sizes&quot;:[]},&quot;_transform_translateY_effect_tablet&quot;:{&quot;unit&quot;:&quot;px&quot;,&quot;size&quot;:&quot;&quot;,&quot;sizes&quot;:[]},&quot;_transform_translateY_effect_mobile&quot;:{&quot;unit&quot;:&quot;px&quot;,&quot;size&quot;:&quot;&quot;,&quot;sizes&quot;:[]}}\" data-widget_type=\"heading.default\">\n\t\t\t\t\t<h1 class=\"elementor-heading-title elementor-size-default\">LE DOMAINE DE SAINT VIGOR<\/h1>\t\t\t\t<\/div>\n\t\t\t\t<div class=\"elementor-element elementor-element-daeee35 elementor-invisible elementor-widget elementor-widget-heading\" data-id=\"daeee35\" data-element_type=\"widget\" data-e-type=\"widget\" data-settings=\"{&quot;_animation&quot;:&quot;fadeInDown&quot;}\" data-widget_type=\"heading.default\">\n\t\t\t\t\t<h2 class=\"elementor-heading-title elementor-size-default\">Lieu d\u2019exception pour le plus beau jour de votre vie\u200b<\/h2>\t\t\t\t<\/div>\n\t\t\t\t<div class=\"elementor-element elementor-element-792cdb5 elementor-invisible elementor-widget elementor-widget-button\" data-id=\"792cdb5\" data-element_type=\"widget\" data-e-type=\"widget\" data-settings=\"{&quot;_animation&quot;:&quot;fadeInUp&quot;}\" data-widget_type=\"button.default\">\n\t\t\t\t\t\t\t\t\t\t<a class=\"elementor-button elementor-button-link elementor-size-sm\" href=\"https:\/\/le-domaine-de-saint-vigor.fr\/index.php\/contact\/\" id=\"btn-blur\">\n\t\t\t\t\t\t<span class=\"elementor-button-content-wrapper\">\n\t\t\t\t\t\t\t\t\t<span class=\"elementor-button-text\">CONTACTEZ-NOUS<\/span>\n\t\t\t\t\t<\/span>\n\t\t\t\t\t<\/a>\n\t\t\t\t\t\t\t\t<\/div>\n\t\t<div class=\"elementor-element elementor-element-e8dbf29 e-con-full e-flex wpr-particle-no wpr-jarallax-no wpr-parallax-no wpr-sticky-section-no e-con e-child\" data-id=\"e8dbf29\" data-element_type=\"container\" data-e-type=\"container\" data-settings=\"{&quot;background_background&quot;:&quot;classic&quot;,&quot;position&quot;:&quot;absolute&quot;}\">\n\t\t\t\t<\/div>\n\t\t\t\t<\/div>\n\t\t<div class=\"elementor-element elementor-element-f68797d e-flex e-con-boxed wpr-particle-no wpr-jarallax-no wpr-parallax-no wpr-sticky-section-no e-con e-parent\" data-id=\"f68797d\" data-element_type=\"container\" data-e-type=\"container\">\n\t\t\t\t\t<div class=\"e-con-inner\">\n\t\t\t\t<div class=\"elementor-element elementor-element-ba4c3d0 elementor-widget elementor-widget-heading\" data-id=\"ba4c3d0\" data-element_type=\"widget\" data-e-type=\"widget\" data-widget_type=\"heading.default\">\n\t\t\t\t\t<h2 class=\"elementor-heading-title elementor-size-default\">Le<\/h2>\t\t\t\t<\/div>\n\t\t\t\t<div class=\"elementor-element elementor-element-f41e817 elementor-widget elementor-widget-heading\" data-id=\"f41e817\" data-element_type=\"widget\" data-e-type=\"widget\" data-widget_type=\"heading.default\">\n\t\t\t\t\t<h2 class=\"elementor-heading-title elementor-size-default\">DOMAINE<\/h2>\t\t\t\t<\/div>\n\t\t\t\t<div class=\"elementor-element elementor-element-2b0bdec elementor-widget elementor-widget-heading\" data-id=\"2b0bdec\" data-element_type=\"widget\" data-e-type=\"widget\" data-widget_type=\"heading.default\">\n\t\t\t\t\t<h2 class=\"elementor-heading-title elementor-size-default\">DE<\/h2>\t\t\t\t<\/div>\n\t\t\t\t<div class=\"elementor-element elementor-element-62c74d7 elementor-widget elementor-widget-heading\" data-id=\"62c74d7\" data-element_type=\"widget\" data-e-type=\"widget\" data-widget_type=\"heading.default\">\n\t\t\t\t\t<h2 class=\"elementor-heading-title elementor-size-default\">SAINT VIGOR<\/h2>\t\t\t\t<\/div>\n\t\t\t\t\t<\/div>\n\t\t\t\t<\/div>\n\t\t<div class=\"elementor-element elementor-element-a18dc4d e-con-full e-flex wpr-particle-no wpr-jarallax-no wpr-parallax-no wpr-sticky-section-no e-con e-parent\" data-id=\"a18dc4d\" data-element_type=\"container\" data-e-type=\"container\">\n\t\t\t\t<div class=\"elementor-element elementor-element-535ca17 e-n-tabs-none elementor-invisible elementor-widget elementor-widget-n-tabs\" data-id=\"535ca17\" data-element_type=\"widget\" data-e-type=\"widget\" data-settings=\"{&quot;tabs_justify_horizontal&quot;:&quot;center&quot;,&quot;_animation&quot;:&quot;fadeInUp&quot;,&quot;horizontal_scroll&quot;:&quot;enable&quot;,&quot;horizontal_scroll_mobile&quot;:&quot;enable&quot;}\" data-widget_type=\"nested-tabs.default\">\n\t\t\t\t\t\t\t<div class=\"e-n-tabs\" data-widget-number=\"87411223\" aria-label=\"Onglets. Ouvrez des \u00e9l\u00e9ments avec Entrer ou Espace, fermez-les avec Echape et naviguez \u00e0 l&#039;aide des touches fl\u00e9ch\u00e9es.\">\n\t\t\t<div class=\"e-n-tabs-heading\" role=\"tablist\">\n\t\t\t\t\t<button id=\"e-n-tab-title-874112231\" data-tab-title-id=\"e-n-tab-title-874112231\" class=\"e-n-tab-title\" aria-selected=\"true\" data-tab-index=\"1\" role=\"tab\" tabindex=\"0\" aria-controls=\"e-n-tab-content-874112231\" style=\"--n-tabs-title-order: 1;\">\n\t\t\t\t\t\t<span class=\"e-n-tab-title-text\">\n\t\t\t\t\u00c9V\u00c9NEMENTS PRIV\u00c9S\t\t\t<\/span>\n\t\t<\/button>\n\t\t\t\t<button id=\"e-n-tab-title-874112232\" data-tab-title-id=\"e-n-tab-title-874112232\" class=\"e-n-tab-title\" aria-selected=\"false\" data-tab-index=\"2\" role=\"tab\" tabindex=\"-1\" aria-controls=\"e-n-tab-content-874112232\" style=\"--n-tabs-title-order: 2;\">\n\t\t\t\t\t\t<span class=\"e-n-tab-title-text\">\n\t\t\t\t\u00c9V\u00c9NEMENTS PROFESSIONNELS\t\t\t<\/span>\n\t\t<\/button>\n\t\t\t\t\t<\/div>\n\t\t\t<div class=\"e-n-tabs-content\">\n\t\t\t\t<div id=\"e-n-tab-content-874112231\" role=\"tabpanel\" aria-labelledby=\"e-n-tab-title-874112231\" data-tab-index=\"1\" style=\"--n-tabs-title-order: 1;\" class=\"e-active elementor-element elementor-element-470f52d e-con-full e-flex wpr-particle-no wpr-jarallax-no wpr-parallax-no wpr-sticky-section-no e-con e-child\" data-id=\"470f52d\" data-element_type=\"container\" data-e-type=\"container\">\n\t\t\t\t<div class=\"elementor-element elementor-element-6cd5b85 elementor-invisible elementor-widget elementor-widget-heading\" data-id=\"6cd5b85\" data-element_type=\"widget\" data-e-type=\"widget\" data-settings=\"{&quot;_animation&quot;:&quot;fadeInUp&quot;}\" data-widget_type=\"heading.default\">\n\t\t\t\t\t<h2 class=\"elementor-heading-title elementor-size-default\">Un lieu de f\u00eate pour tous les moments de la vie<\/h2>\t\t\t\t<\/div>\n\t\t\t\t<div class=\"elementor-element elementor-element-2d951e0 elementor-invisible elementor-widget elementor-widget-heading\" data-id=\"2d951e0\" data-element_type=\"widget\" data-e-type=\"widget\" data-settings=\"{&quot;_animation&quot;:&quot;fadeInUp&quot;}\" data-widget_type=\"heading.default\">\n\t\t\t\t\t<p class=\"elementor-heading-title elementor-size-default\">Pour une f\u00eate familiale, anniversaire ou cousinade, le Domaine de Saint Vigor r\u00e9unit tout ce qu\u2019il faut pour un moment d\u2019exception. Le cadre verdoyant, les grands espaces ext\u00e9rieurs et la salle chaleureuse permettent de personnaliser votre \u00e9v\u00e9nement selon vos envies : brunch dans le parc, repas convivial, jeux pour les enfants ou soir\u00e9e anim\u00e9e. \nAvec ses 60&nbsp;h\u00e9bergements sur place, la f\u00eate se prolonge sans contrainte, dans un esprit de partage et de d\u00e9tente. Le charme du lieu et l\u2019accompagnement personnalis\u00e9 du Domaine vous promettent des souvenirs durables avec ceux que vous aimez.<\/p>\t\t\t\t<\/div>\n\t\t\t\t<\/div>\n\t\t<div id=\"e-n-tab-content-874112232\" role=\"tabpanel\" aria-labelledby=\"e-n-tab-title-874112232\" data-tab-index=\"2\" style=\"--n-tabs-title-order: 2;\" class=\" elementor-element elementor-element-4bf55ed e-con-full e-flex wpr-particle-no wpr-jarallax-no wpr-parallax-no wpr-sticky-section-no e-con e-child\" data-id=\"4bf55ed\" data-element_type=\"container\" data-e-type=\"container\">\n\t\t\t\t<div class=\"elementor-element elementor-element-d914d49 elementor-invisible elementor-widget elementor-widget-heading\" data-id=\"d914d49\" data-element_type=\"widget\" data-e-type=\"widget\" data-settings=\"{&quot;_animation&quot;:&quot;fadeInUp&quot;}\" data-widget_type=\"heading.default\">\n\t\t\t\t\t<h2 class=\"elementor-heading-title elementor-size-default\">Le cadre id\u00e9al pour vos \u00e9v\u00e9nements professionnels<\/h2>\t\t\t\t<\/div>\n\t\t\t\t<div class=\"elementor-element elementor-element-1eb5f69 elementor-invisible elementor-widget elementor-widget-heading\" data-id=\"1eb5f69\" data-element_type=\"widget\" data-e-type=\"widget\" data-settings=\"{&quot;_animation&quot;:&quot;fadeInUp&quot;}\" data-widget_type=\"heading.default\">\n\t\t\t\t\t<p class=\"elementor-heading-title elementor-size-default\">Pour un s\u00e9minaire, une soir\u00e9e d\u2019entreprise, une journ\u00e9e d\u2019\u00e9quipe ou une r\u00e9union strat\u00e9gique, le&nbsp;Domaine de Saint Vigor&nbsp;offre le cadre id\u00e9al pour allier travail, d\u00e9tente et inspiration.\u2028Son environnement verdoyant, ses vastes espaces ext\u00e9rieurs et sa&nbsp;salle modulable&nbsp;favorisent la&nbsp;cr\u00e9ativit\u00e9, la&nbsp;coh\u00e9sion&nbsp;et les&nbsp;\u00e9changes constructifs.\u2028 Gr\u00e2ce aux&nbsp;h\u00e9bergements sur place, l\u2019exp\u00e9rience se prolonge dans une atmosph\u00e8re conviviale et sereine, propice aux&nbsp;moments de partage&nbsp;et \u00e0 la&nbsp;synergie d\u2019\u00e9quipe.\u2028 L\u2019\u00e9l\u00e9gance du lieu&nbsp;et l\u2019accompagnement sur mesure&nbsp;de l\u2019\u00e9quipe font du Domaine un&nbsp;partenaire privil\u00e9gi\u00e9 pour les \u00e9v\u00e9nements professionnels&nbsp;les plus importants.<\/p>\t\t\t\t<\/div>\n\t\t\t\t<\/div>\n\t\t\t\t\t<\/div>\n\t\t<\/div>\n\t\t\t\t\t\t<\/div>\n\t\t\t\t<\/div>\n\t\t<div class=\"elementor-element elementor-element-73f6a41 e-grid e-con-boxed wpr-particle-no wpr-jarallax-no wpr-parallax-no wpr-sticky-section-no elementor-invisible e-con e-parent\" data-id=\"73f6a41\" data-element_type=\"container\" data-e-type=\"container\" data-settings=\"{&quot;animation&quot;:&quot;fadeInUp&quot;}\">\n\t\t\t\t\t<div class=\"e-con-inner\">\n\t\t\t\t<div class=\"elementor-element elementor-element-a77b108 e-transform elementor-widget elementor-widget-image\" data-id=\"a77b108\" data-element_type=\"widget\" data-e-type=\"widget\" data-settings=\"{&quot;_transform_translateY_effect_hover&quot;:{&quot;unit&quot;:&quot;%&quot;,&quot;size&quot;:-40,&quot;sizes&quot;:[]},&quot;_transform_translateY_effect_hover_tablet&quot;:{&quot;unit&quot;:&quot;%&quot;,&quot;size&quot;:0,&quot;sizes&quot;:[]},&quot;_transform_translateY_effect_hover_mobile&quot;:{&quot;unit&quot;:&quot;%&quot;,&quot;size&quot;:&quot;&quot;,&quot;sizes&quot;:[]},&quot;_transform_translateX_effect_hover&quot;:{&quot;unit&quot;:&quot;px&quot;,&quot;size&quot;:&quot;&quot;,&quot;sizes&quot;:[]},&quot;_transform_translateX_effect_hover_tablet&quot;:{&quot;unit&quot;:&quot;px&quot;,&quot;size&quot;:&quot;&quot;,&quot;sizes&quot;:[]},&quot;_transform_translateX_effect_hover_mobile&quot;:{&quot;unit&quot;:&quot;px&quot;,&quot;size&quot;:&quot;&quot;,&quot;sizes&quot;:[]}}\" data-widget_type=\"image.default\">\n\t\t\t\t\t\t\t\t\t\t\t\t\t\t\t<img decoding=\"async\" src=\"https:\/\/le-domaine-de-saint-vigor.fr\/wp-content\/uploads\/elementor\/thumbs\/dsv-20-rfv2vmwc1ysfml7fzvgzz54bye6cfy4jxsncn8xwgw.jpg\" title=\"dsv-20\" alt=\"dsv-20\" loading=\"lazy\" \/>\t\t\t\t\t\t\t\t\t\t\t\t\t\t\t<\/div>\n\t\t\t\t<div class=\"elementor-element elementor-element-33c1554 e-transform elementor-widget elementor-widget-image\" data-id=\"33c1554\" data-element_type=\"widget\" data-e-type=\"widget\" data-settings=\"{&quot;_transform_translateY_effect_hover&quot;:{&quot;unit&quot;:&quot;%&quot;,&quot;size&quot;:-40,&quot;sizes&quot;:[]},&quot;_transform_translateY_effect_hover_tablet&quot;:{&quot;unit&quot;:&quot;%&quot;,&quot;size&quot;:0,&quot;sizes&quot;:[]},&quot;_transform_translateY_effect_hover_mobile&quot;:{&quot;unit&quot;:&quot;%&quot;,&quot;size&quot;:&quot;&quot;,&quot;sizes&quot;:[]},&quot;_transform_translateX_effect_hover&quot;:{&quot;unit&quot;:&quot;px&quot;,&quot;size&quot;:&quot;&quot;,&quot;sizes&quot;:[]},&quot;_transform_translateX_effect_hover_tablet&quot;:{&quot;unit&quot;:&quot;px&quot;,&quot;size&quot;:&quot;&quot;,&quot;sizes&quot;:[]},&quot;_transform_translateX_effect_hover_mobile&quot;:{&quot;unit&quot;:&quot;px&quot;,&quot;size&quot;:&quot;&quot;,&quot;sizes&quot;:[]}}\" data-widget_type=\"image.default\">\n\t\t\t\t\t\t\t\t\t\t\t\t\t\t\t<img decoding=\"async\" src=\"https:\/\/le-domaine-de-saint-vigor.fr\/wp-content\/uploads\/elementor\/thumbs\/dsv-7-rfv2vk2thgoknrbjgc949nty68k8sutcxeow7f22zk.jpg\" title=\"dsv-7\" alt=\"dsv-7\" loading=\"lazy\" \/>\t\t\t\t\t\t\t\t\t\t\t\t\t\t\t<\/div>\n\t\t\t\t<div class=\"elementor-element elementor-element-bd1c1f1 e-transform elementor-widget elementor-widget-image\" data-id=\"bd1c1f1\" data-element_type=\"widget\" data-e-type=\"widget\" data-settings=\"{&quot;_transform_translateY_effect_hover&quot;:{&quot;unit&quot;:&quot;%&quot;,&quot;size&quot;:-40,&quot;sizes&quot;:[]},&quot;_transform_translateY_effect_hover_tablet&quot;:{&quot;unit&quot;:&quot;%&quot;,&quot;size&quot;:0,&quot;sizes&quot;:[]},&quot;_transform_translateY_effect_hover_mobile&quot;:{&quot;unit&quot;:&quot;%&quot;,&quot;size&quot;:&quot;&quot;,&quot;sizes&quot;:[]},&quot;_transform_translateX_effect_hover&quot;:{&quot;unit&quot;:&quot;px&quot;,&quot;size&quot;:&quot;&quot;,&quot;sizes&quot;:[]},&quot;_transform_translateX_effect_hover_tablet&quot;:{&quot;unit&quot;:&quot;px&quot;,&quot;size&quot;:&quot;&quot;,&quot;sizes&quot;:[]},&quot;_transform_translateX_effect_hover_mobile&quot;:{&quot;unit&quot;:&quot;px&quot;,&quot;size&quot;:&quot;&quot;,&quot;sizes&quot;:[]}}\" data-widget_type=\"image.default\">\n\t\t\t\t\t\t\t\t\t\t\t\t\t\t\t<img decoding=\"async\" src=\"https:\/\/le-domaine-de-saint-vigor.fr\/wp-content\/uploads\/elementor\/thumbs\/dsv-29-rfv2vnu68stpy762udvmjmvsjs1pnn8a9xau4iwiao.jpg\" title=\"dsv-29\" alt=\"dsv-29\" loading=\"lazy\" \/>\t\t\t\t\t\t\t\t\t\t\t\t\t\t\t<\/div>\n\t\t\t\t<div class=\"elementor-element elementor-element-aad0855 e-transform elementor-widget elementor-widget-image\" data-id=\"aad0855\" data-element_type=\"widget\" data-e-type=\"widget\" data-settings=\"{&quot;_transform_translateY_effect_hover&quot;:{&quot;unit&quot;:&quot;%&quot;,&quot;size&quot;:-40,&quot;sizes&quot;:[]},&quot;_transform_translateY_effect_hover_tablet&quot;:{&quot;unit&quot;:&quot;%&quot;,&quot;size&quot;:0,&quot;sizes&quot;:[]},&quot;_transform_translateY_effect_hover_mobile&quot;:{&quot;unit&quot;:&quot;%&quot;,&quot;size&quot;:&quot;&quot;,&quot;sizes&quot;:[]},&quot;_transform_translateX_effect_hover&quot;:{&quot;unit&quot;:&quot;px&quot;,&quot;size&quot;:&quot;&quot;,&quot;sizes&quot;:[]},&quot;_transform_translateX_effect_hover_tablet&quot;:{&quot;unit&quot;:&quot;px&quot;,&quot;size&quot;:&quot;&quot;,&quot;sizes&quot;:[]},&quot;_transform_translateX_effect_hover_mobile&quot;:{&quot;unit&quot;:&quot;px&quot;,&quot;size&quot;:&quot;&quot;,&quot;sizes&quot;:[]}}\" data-widget_type=\"image.default\">\n\t\t\t\t\t\t\t\t\t\t\t\t\t\t\t<img decoding=\"async\" src=\"https:\/\/le-domaine-de-saint-vigor.fr\/wp-content\/uploads\/elementor\/thumbs\/dsv-30-rfv2vmwc1ysfml7fzvgzz54bye6cfy4jxsncn8xwgw.jpeg\" title=\"dsv-30\" alt=\"dsv-30\" loading=\"lazy\" \/>\t\t\t\t\t\t\t\t\t\t\t\t\t\t\t<\/div>\n\t\t\t\t\t<\/div>\n\t\t\t\t<\/div>\n\t\t<div class=\"elementor-element elementor-element-33a6a8a e-grid e-con-boxed wpr-particle-no wpr-jarallax-no wpr-parallax-no wpr-sticky-section-no e-con e-parent\" data-id=\"33a6a8a\" data-element_type=\"container\" data-e-type=\"container\">\n\t\t\t\t\t<div class=\"e-con-inner\">\n\t\t\t\t<div class=\"elementor-element elementor-element-b2f31f9 elementor-widget elementor-widget-image\" data-id=\"b2f31f9\" data-element_type=\"widget\" data-e-type=\"widget\" data-widget_type=\"image.default\">\n\t\t\t\t\t\t\t\t\t\t\t\t\t\t\t<img fetchpriority=\"high\" decoding=\"async\" width=\"300\" height=\"196\" src=\"https:\/\/le-domaine-de-saint-vigor.fr\/wp-content\/uploads\/2025\/12\/dsv-logo.png\" class=\"attachment-large size-large wp-image-1352\" alt=\"\" \/>\t\t\t\t\t\t\t\t\t\t\t\t\t\t\t<\/div>\n\t\t<div class=\"elementor-element elementor-element-c61e0c8 e-grid e-con-full wpr-particle-no wpr-jarallax-no wpr-parallax-no wpr-sticky-section-no e-con e-child\" data-id=\"c61e0c8\" data-element_type=\"container\" data-e-type=\"container\">\n\t\t<div class=\"elementor-element elementor-element-fdbc8b1 e-con-full e-flex wpr-particle-no wpr-jarallax-no wpr-parallax-no wpr-sticky-section-no e-con e-child\" data-id=\"fdbc8b1\" data-element_type=\"container\" data-e-type=\"container\">\n\t\t\t\t<div class=\"elementor-element elementor-element-4e788ee elementor-widget elementor-widget-heading\" data-id=\"4e788ee\" data-element_type=\"widget\" data-e-type=\"widget\" data-widget_type=\"heading.default\">\n\t\t\t\t\t<h2 class=\"elementor-heading-title elementor-size-default\">Liens<\/h2>\t\t\t\t<\/div>\n\t\t\t\t<div class=\"elementor-element elementor-element-260e392 elementor-widget elementor-widget-heading\" data-id=\"260e392\" data-element_type=\"widget\" data-e-type=\"widget\" data-widget_type=\"heading.default\">\n\t\t\t\t\t<h2 class=\"elementor-heading-title elementor-size-default\"><a href=\"https:\/\/le-domaine-de-saint-vigor.fr\/\">Accueil<\/a><\/h2>\t\t\t\t<\/div>\n\t\t\t\t<div class=\"elementor-element elementor-element-82a489d elementor-widget elementor-widget-heading\" data-id=\"82a489d\" data-element_type=\"widget\" data-e-type=\"widget\" data-widget_type=\"heading.default\">\n\t\t\t\t\t<h2 class=\"elementor-heading-title elementor-size-default\"><a href=\"https:\/\/le-domaine-de-saint-vigor.fr\/index.php\/presentation\/\">Pr\u00e9sentation<\/a><\/h2>\t\t\t\t<\/div>\n\t\t\t\t<div class=\"elementor-element elementor-element-83297e4 elementor-widget elementor-widget-heading\" data-id=\"83297e4\" data-element_type=\"widget\" data-e-type=\"widget\" data-widget_type=\"heading.default\">\n\t\t\t\t\t<h2 class=\"elementor-heading-title elementor-size-default\">\u00c9v\u00e8nements<\/h2>\t\t\t\t<\/div>\n\t\t\t\t<div class=\"elementor-element elementor-element-b8b9d17 elementor-widget elementor-widget-heading\" data-id=\"b8b9d17\" data-element_type=\"widget\" data-e-type=\"widget\" data-widget_type=\"heading.default\">\n\t\t\t\t\t<h2 class=\"elementor-heading-title elementor-size-default\"><a href=\"https:\/\/le-domaine-de-saint-vigor.fr\/index.php\/mariage\/\">Mariages<\/a><\/h2>\t\t\t\t<\/div>\n\t\t\t\t<div class=\"elementor-element elementor-element-473d04f elementor-widget elementor-widget-heading\" data-id=\"473d04f\" data-element_type=\"widget\" data-e-type=\"widget\" data-widget_type=\"heading.default\">\n\t\t\t\t\t<h2 class=\"elementor-heading-title elementor-size-default\"><a href=\"https:\/\/le-domaine-de-saint-vigor.fr\/index.php\/evenements-prives-ou-professionnels\/\">\u00c9v\u00e8nements priv\u00e9s<br>ou professionnels<\/a><\/h2>\t\t\t\t<\/div>\n\t\t\t\t<div class=\"elementor-element elementor-element-9f30ccc elementor-widget elementor-widget-heading\" data-id=\"9f30ccc\" data-element_type=\"widget\" data-e-type=\"widget\" data-widget_type=\"heading.default\">\n\t\t\t\t\t<h2 class=\"elementor-heading-title elementor-size-default\"><a href=\"https:\/\/le-domaine-de-saint-vigor.fr\/index.php\/prestation-a-la-carte\/\">Prestation \u00e0 la carte<\/a><\/h2>\t\t\t\t<\/div>\n\t\t\t\t<div class=\"elementor-element elementor-element-60ff6b7 elementor-widget elementor-widget-heading\" data-id=\"60ff6b7\" data-element_type=\"widget\" data-e-type=\"widget\" data-widget_type=\"heading.default\">\n\t\t\t\t\t<h2 class=\"elementor-heading-title elementor-size-default\"><a href=\"https:\/\/le-domaine-de-saint-vigor.fr\/index.php\/contact\/\">Contactez-nous<\/a><\/h2>\t\t\t\t<\/div>\n\t\t\t\t<div class=\"elementor-element elementor-element-4470d75 elementor-widget elementor-widget-heading\" data-id=\"4470d75\" data-element_type=\"widget\" data-e-type=\"widget\" data-widget_type=\"heading.default\">\n\t\t\t\t\t<h2 class=\"elementor-heading-title elementor-size-default\"><a href=\"https:\/\/le-domaine-de-saint-vigor.fr\/index.php\/mentions-legales\/\">Mentions l\u00e9gales<\/a><\/h2>\t\t\t\t<\/div>\n\t\t\t\t<\/div>\n\t\t<div class=\"elementor-element elementor-element-580f56a e-con-full e-flex wpr-particle-no wpr-jarallax-no wpr-parallax-no wpr-sticky-section-no e-con e-child\" data-id=\"580f56a\" data-element_type=\"container\" data-e-type=\"container\">\n\t\t\t\t<div class=\"elementor-element elementor-element-7dcd0ec elementor-widget elementor-widget-heading\" data-id=\"7dcd0ec\" data-element_type=\"widget\" data-e-type=\"widget\" data-widget_type=\"heading.default\">\n\t\t\t\t\t<h2 class=\"elementor-heading-title elementor-size-default\">Contact<\/h2>\t\t\t\t<\/div>\n\t\t\t\t<div class=\"elementor-element elementor-element-8476874 elementor-widget elementor-widget-heading\" data-id=\"8476874\" data-element_type=\"widget\" data-e-type=\"widget\" data-widget_type=\"heading.default\">\n\t\t\t\t\t<h2 class=\"elementor-heading-title elementor-size-default\">Le Domaine de Saint Vigor<\/h2>\t\t\t\t<\/div>\n\t\t\t\t<div class=\"elementor-element elementor-element-c909366 elementor-widget elementor-widget-heading\" data-id=\"c909366\" data-element_type=\"widget\" data-e-type=\"widget\" data-widget_type=\"heading.default\">\n\t\t\t\t\t<h2 class=\"elementor-heading-title elementor-size-default\">2 route de Cr\u00e8vecoeur,<br>\n27930, Saint Vigor<\/h2>\t\t\t\t<\/div>\n\t\t\t\t<div class=\"elementor-element elementor-element-680c544 elementor-shape-circle e-grid-align-left elementor-grid-0 elementor-widget elementor-widget-social-icons\" data-id=\"680c544\" data-element_type=\"widget\" data-e-type=\"widget\" data-widget_type=\"social-icons.default\">\n\t\t\t\t\t\t\t<div class=\"elementor-social-icons-wrapper elementor-grid\" role=\"list\">\n\t\t\t\t\t\t\t<span class=\"elementor-grid-item\" role=\"listitem\">\n\t\t\t\t\t<a class=\"elementor-icon elementor-social-icon elementor-social-icon-instagram elementor-repeater-item-746bd29\" href=\"https:\/\/www.instagram.com\/ledomainedesaintvigor\/\" target=\"_blank\">\n\t\t\t\t\t\t<span class=\"elementor-screen-only\">Instagram<\/span>\n\t\t\t\t\t\t<svg aria-hidden=\"true\" class=\"e-font-icon-svg e-fab-instagram\" viewBox=\"0 0 448 512\" xmlns=\"http:\/\/www.w3.org\/2000\/svg\"><path d=\"M224.1 141c-63.6 0-114.9 51.3-114.9 114.9s51.3 114.9 114.9 114.9S339 319.5 339 255.9 287.7 141 224.1 141zm0 189.6c-41.1 0-74.7-33.5-74.7-74.7s33.5-74.7 74.7-74.7 74.7 33.5 74.7 74.7-33.6 74.7-74.7 74.7zm146.4-194.3c0 14.9-12 26.8-26.8 26.8-14.9 0-26.8-12-26.8-26.8s12-26.8 26.8-26.8 26.8 12 26.8 26.8zm76.1 27.2c-1.7-35.9-9.9-67.7-36.2-93.9-26.2-26.2-58-34.4-93.9-36.2-37-2.1-147.9-2.1-184.9 0-35.8 1.7-67.6 9.9-93.9 36.1s-34.4 58-36.2 93.9c-2.1 37-2.1 147.9 0 184.9 1.7 35.9 9.9 67.7 36.2 93.9s58 34.4 93.9 36.2c37 2.1 147.9 2.1 184.9 0 35.9-1.7 67.7-9.9 93.9-36.2 26.2-26.2 34.4-58 36.2-93.9 2.1-37 2.1-147.8 0-184.8zM398.8 388c-7.8 19.6-22.9 34.7-42.6 42.6-29.5 11.7-99.5 9-132.1 9s-102.7 2.6-132.1-9c-19.6-7.8-34.7-22.9-42.6-42.6-11.7-29.5-9-99.5-9-132.1s-2.6-102.7 9-132.1c7.8-19.6 22.9-34.7 42.6-42.6 29.5-11.7 99.5-9 132.1-9s102.7-2.6 132.1 9c19.6 7.8 34.7 22.9 42.6 42.6 11.7 29.5 9 99.5 9 132.1s2.7 102.7-9 132.1z\"><\/path><\/svg>\t\t\t\t\t<\/a>\n\t\t\t\t<\/span>\n\t\t\t\t\t\t\t<span class=\"elementor-grid-item\" role=\"listitem\">\n\t\t\t\t\t<a class=\"elementor-icon elementor-social-icon elementor-social-icon-facebook elementor-repeater-item-daaae49\" href=\"https:\/\/www.facebook.com\/ledomainedesaintvigor\/\" target=\"_blank\">\n\t\t\t\t\t\t<span class=\"elementor-screen-only\">Facebook<\/span>\n\t\t\t\t\t\t<svg aria-hidden=\"true\" class=\"e-font-icon-svg e-fab-facebook\" viewBox=\"0 0 512 512\" xmlns=\"http:\/\/www.w3.org\/2000\/svg\"><path d=\"M504 256C504 119 393 8 256 8S8 119 8 256c0 123.78 90.69 226.38 209.25 245V327.69h-63V256h63v-54.64c0-62.15 37-96.48 93.67-96.48 27.14 0 55.52 4.84 55.52 4.84v61h-31.28c-30.8 0-40.41 19.12-40.41 38.73V256h68.78l-11 71.69h-57.78V501C413.31 482.38 504 379.78 504 256z\"><\/path><\/svg>\t\t\t\t\t<\/a>\n\t\t\t\t<\/span>\n\t\t\t\t\t<\/div>\n\t\t\t\t\t\t<\/div>\n\t\t\t\t<\/div>\n\t\t\t\t<\/div>\n\t\t\t\t\t<\/div>\n\t\t\t\t<\/div>\n\t\t<div class=\"elementor-element elementor-element-04c7bd2 e-con-full e-flex wpr-particle-no wpr-jarallax-no wpr-parallax-no wpr-sticky-section-no e-con e-parent\" data-id=\"04c7bd2\" data-element_type=\"container\" data-e-type=\"container\">\n\t\t\t\t<div class=\"elementor-element elementor-element-13023c8 text-footer elementor-widget elementor-widget-heading\" data-id=\"13023c8\" data-element_type=\"widget\" data-e-type=\"widget\" data-widget_type=\"heading.default\">\n\t\t\t\t\t<h2 class=\"elementor-heading-title elementor-size-default\">Le Domaine de Saint Vigor&nbsp; &nbsp; &nbsp; &nbsp; &nbsp; &nbsp; &nbsp; &nbsp; &nbsp;&nbsp;<\/h2>\t\t\t\t<\/div>\n\t\t\t\t<\/div>\n\t\t\t\t<\/div>\n\t\t","protected":false},"excerpt":{"rendered":"<p>LE DOMAINE DE SAINT VIGOR Lieu d\u2019exception pour le plus beau jour de votre vie\u200b CONTACTEZ-NOUS Le DOMAINE DE SAINT VIGOR \u00c9V\u00c9NEMENTS PRIV\u00c9S \u00c9V\u00c9NEMENTS PROFESSIONNELS Un lieu de f\u00eate pour tous les moments de la vie Pour une f\u00eate familiale, anniversaire ou cousinade, le Domaine de Saint Vigor r\u00e9unit tout ce qu\u2019il faut pour un moment d\u2019exception. Le cadre verdoyant, les grands espaces ext\u00e9rieurs et la salle chaleureuse permettent de personnaliser votre \u00e9v\u00e9nement selon vos envies : brunch dans le parc, repas convivial, jeux pour les enfants ou soir\u00e9e anim\u00e9e. Avec ses 60&nbsp;h\u00e9bergements sur place, la f\u00eate se prolonge sans contrainte, dans un esprit de partage et de d\u00e9tente. Le charme du lieu et l\u2019accompagnement personnalis\u00e9 du Domaine vous promettent des souvenirs durables avec ceux que vous aimez. Le cadre id\u00e9al pour vos \u00e9v\u00e9nements professionnels Pour un s\u00e9minaire, une soir\u00e9e d\u2019entreprise, une journ\u00e9e d\u2019\u00e9quipe ou une r\u00e9union strat\u00e9gique, le&nbsp;Domaine de Saint Vigor&nbsp;offre le cadre id\u00e9al pour allier travail, d\u00e9tente et inspiration.\u2028Son environnement verdoyant, ses vastes espaces ext\u00e9rieurs et sa&nbsp;salle modulable&nbsp;favorisent la&nbsp;cr\u00e9ativit\u00e9, la&nbsp;coh\u00e9sion&nbsp;et les&nbsp;\u00e9changes constructifs.\u2028 Gr\u00e2ce aux&nbsp;h\u00e9bergements sur place, l\u2019exp\u00e9rience se prolonge dans une atmosph\u00e8re conviviale et sereine, propice aux&nbsp;moments de partage&nbsp;et \u00e0 la&nbsp;synergie d\u2019\u00e9quipe.\u2028 L\u2019\u00e9l\u00e9gance du lieu&nbsp;et l\u2019accompagnement sur mesure&nbsp;de l\u2019\u00e9quipe font du Domaine un&nbsp;partenaire privil\u00e9gi\u00e9 pour les \u00e9v\u00e9nements professionnels&nbsp;les plus importants. Un lieu de f\u00eate pour tous les moments de la vie Pour une f\u00eate familiale, anniversaire ou cousinade, le Domaine de Saint Vigor r\u00e9unit tout ce qu\u2019il faut pour un moment d\u2019exception. Le cadre verdoyant, les grands espaces ext\u00e9rieurs et la salle chaleureuse permettent de personnaliser votre \u00e9v\u00e9nement selon vos envies : brunch dans le parc, repas convivial, jeux pour les enfants ou soir\u00e9e anim\u00e9e. Avec ses 60&nbsp;h\u00e9bergements sur place, la f\u00eate se prolonge sans contrainte, dans un esprit de partage et de d\u00e9tente. Le charme du lieu et l\u2019accompagnement personnalis\u00e9 du Domaine vous promettent des souvenirs durables avec ceux que vous aimez. Le cadre id\u00e9al pour vos \u00e9v\u00e9nements professionnels Pour un s\u00e9minaire, une soir\u00e9e d\u2019entreprise, une journ\u00e9e d\u2019\u00e9quipe ou une r\u00e9union strat\u00e9gique, le&nbsp;Domaine de Saint Vigor&nbsp;offre le cadre id\u00e9al pour allier travail, d\u00e9tente et inspiration.\u2028Son environnement verdoyant, ses vastes espaces ext\u00e9rieurs et sa&nbsp;salle modulable&nbsp;favorisent la&nbsp;cr\u00e9ativit\u00e9, la&nbsp;coh\u00e9sion&nbsp;et les&nbsp;\u00e9changes constructifs.\u2028 Gr\u00e2ce aux&nbsp;h\u00e9bergements sur place, l\u2019exp\u00e9rience se prolonge dans une atmosph\u00e8re conviviale et sereine, propice aux&nbsp;moments de partage&nbsp;et \u00e0 la&nbsp;synergie d\u2019\u00e9quipe.\u2028 L\u2019\u00e9l\u00e9gance du lieu&nbsp;et l\u2019accompagnement sur mesure&nbsp;de l\u2019\u00e9quipe font du Domaine un&nbsp;partenaire privil\u00e9gi\u00e9 pour les \u00e9v\u00e9nements professionnels&nbsp;les plus importants. Liens Accueil Pr\u00e9sentation \u00c9v\u00e8nements Mariages \u00c9v\u00e8nements priv\u00e9sou professionnels Prestation \u00e0 la carte Contactez-nous Mentions l\u00e9gales Contact Le Domaine de Saint Vigor 2 route de Cr\u00e8vecoeur, 27930, Saint Vigor Instagram Facebook Le Domaine de Saint Vigor&nbsp; &nbsp; &nbsp; &nbsp; &nbsp; &nbsp; &nbsp; &nbsp; &nbsp;&nbsp;<\/p>\n","protected":false},"author":1,"featured_media":0,"parent":0,"menu_order":0,"comment_status":"closed","ping_status":"closed","template":"elementor_theme","meta":{"footnotes":""},"class_list":["post-604","page","type-page","status-publish","hentry"],"yoast_head":"<!-- This site is optimized with the Yoast SEO plugin v26.9 - https:\/\/yoast.com\/product\/yoast-seo-wordpress\/ -->\n<title>\u00c9v\u00e8nements priv\u00e9s ou professionnels - Le Domaine De Saint Vigor<\/title>\n<meta name=\"robots\" content=\"index, follow, max-snippet:-1, max-image-preview:large, max-video-preview:-1\" \/>\n<link rel=\"canonical\" href=\"https:\/\/le-domaine-de-saint-vigor.fr\/index.php\/evenements-prives-ou-professionnels\/\" \/>\n<meta property=\"og:locale\" content=\"fr_FR\" \/>\n<meta property=\"og:type\" content=\"article\" \/>\n<meta property=\"og:title\" content=\"\u00c9v\u00e8nements priv\u00e9s ou professionnels - Le Domaine De Saint Vigor\" \/>\n<meta property=\"og:description\" content=\"LE DOMAINE DE SAINT VIGOR Lieu d\u2019exception pour le plus beau jour de votre vie\u200b CONTACTEZ-NOUS Le DOMAINE DE SAINT VIGOR \u00c9V\u00c9NEMENTS PRIV\u00c9S \u00c9V\u00c9NEMENTS PROFESSIONNELS Un lieu de f\u00eate pour tous les moments de la vie Pour une f\u00eate familiale, anniversaire ou cousinade, le Domaine de Saint Vigor r\u00e9unit tout ce qu\u2019il faut pour un moment d\u2019exception. Le cadre verdoyant, les grands espaces ext\u00e9rieurs et la salle chaleureuse permettent de personnaliser votre \u00e9v\u00e9nement selon vos envies : brunch dans le parc, repas convivial, jeux pour les enfants ou soir\u00e9e anim\u00e9e. Avec ses 60&nbsp;h\u00e9bergements sur place, la f\u00eate se prolonge sans contrainte, dans un esprit de partage et de d\u00e9tente. Le charme du lieu et l\u2019accompagnement personnalis\u00e9 du Domaine vous promettent des souvenirs durables avec ceux que vous aimez. Le cadre id\u00e9al pour vos \u00e9v\u00e9nements professionnels Pour un s\u00e9minaire, une soir\u00e9e d\u2019entreprise, une journ\u00e9e d\u2019\u00e9quipe ou une r\u00e9union strat\u00e9gique, le&nbsp;Domaine de Saint Vigor&nbsp;offre le cadre id\u00e9al pour allier travail, d\u00e9tente et inspiration.\u2028Son environnement verdoyant, ses vastes espaces ext\u00e9rieurs et sa&nbsp;salle modulable&nbsp;favorisent la&nbsp;cr\u00e9ativit\u00e9, la&nbsp;coh\u00e9sion&nbsp;et les&nbsp;\u00e9changes constructifs.\u2028 Gr\u00e2ce aux&nbsp;h\u00e9bergements sur place, l\u2019exp\u00e9rience se prolonge dans une atmosph\u00e8re conviviale et sereine, propice aux&nbsp;moments de partage&nbsp;et \u00e0 la&nbsp;synergie d\u2019\u00e9quipe.\u2028 L\u2019\u00e9l\u00e9gance du lieu&nbsp;et l\u2019accompagnement sur mesure&nbsp;de l\u2019\u00e9quipe font du Domaine un&nbsp;partenaire privil\u00e9gi\u00e9 pour les \u00e9v\u00e9nements professionnels&nbsp;les plus importants. Un lieu de f\u00eate pour tous les moments de la vie Pour une f\u00eate familiale, anniversaire ou cousinade, le Domaine de Saint Vigor r\u00e9unit tout ce qu\u2019il faut pour un moment d\u2019exception. Le cadre verdoyant, les grands espaces ext\u00e9rieurs et la salle chaleureuse permettent de personnaliser votre \u00e9v\u00e9nement selon vos envies : brunch dans le parc, repas convivial, jeux pour les enfants ou soir\u00e9e anim\u00e9e. Avec ses 60&nbsp;h\u00e9bergements sur place, la f\u00eate se prolonge sans contrainte, dans un esprit de partage et de d\u00e9tente. Le charme du lieu et l\u2019accompagnement personnalis\u00e9 du Domaine vous promettent des souvenirs durables avec ceux que vous aimez. Le cadre id\u00e9al pour vos \u00e9v\u00e9nements professionnels Pour un s\u00e9minaire, une soir\u00e9e d\u2019entreprise, une journ\u00e9e d\u2019\u00e9quipe ou une r\u00e9union strat\u00e9gique, le&nbsp;Domaine de Saint Vigor&nbsp;offre le cadre id\u00e9al pour allier travail, d\u00e9tente et inspiration.\u2028Son environnement verdoyant, ses vastes espaces ext\u00e9rieurs et sa&nbsp;salle modulable&nbsp;favorisent la&nbsp;cr\u00e9ativit\u00e9, la&nbsp;coh\u00e9sion&nbsp;et les&nbsp;\u00e9changes constructifs.\u2028 Gr\u00e2ce aux&nbsp;h\u00e9bergements sur place, l\u2019exp\u00e9rience se prolonge dans une atmosph\u00e8re conviviale et sereine, propice aux&nbsp;moments de partage&nbsp;et \u00e0 la&nbsp;synergie d\u2019\u00e9quipe.\u2028 L\u2019\u00e9l\u00e9gance du lieu&nbsp;et l\u2019accompagnement sur mesure&nbsp;de l\u2019\u00e9quipe font du Domaine un&nbsp;partenaire privil\u00e9gi\u00e9 pour les \u00e9v\u00e9nements professionnels&nbsp;les plus importants. Liens Accueil Pr\u00e9sentation \u00c9v\u00e8nements Mariages \u00c9v\u00e8nements priv\u00e9sou professionnels Prestation \u00e0 la carte Contactez-nous Mentions l\u00e9gales Contact Le Domaine de Saint Vigor 2 route de Cr\u00e8vecoeur, 27930, Saint Vigor Instagram Facebook Le Domaine de Saint Vigor&nbsp; &nbsp; &nbsp; &nbsp; &nbsp; &nbsp; &nbsp; &nbsp; &nbsp;&nbsp;\" \/>\n<meta property=\"og:url\" content=\"https:\/\/le-domaine-de-saint-vigor.fr\/index.php\/evenements-prives-ou-professionnels\/\" \/>\n<meta property=\"og:site_name\" content=\"Le Domaine De Saint Vigor\" \/>\n<meta property=\"article:publisher\" content=\"https:\/\/www.facebook.com\/ledomainedesaintvigor\" \/>\n<meta property=\"article:modified_time\" content=\"2026-01-19T17:38:03+00:00\" \/>\n<meta property=\"og:image\" content=\"https:\/\/le-domaine-de-saint-vigor.fr\/wp-content\/uploads\/elementor\/thumbs\/dsv-20-rfv2vmwc1ysfml7fzvgzz54bye6cfy4jxsncn8xwgw.jpg\" \/>\n<meta name=\"twitter:card\" content=\"summary_large_image\" \/>\n<meta name=\"twitter:label1\" content=\"Dur\u00e9e de lecture estim\u00e9e\" \/>\n\t<meta name=\"twitter:data1\" content=\"3 minutes\" \/>\n<script type=\"application\/ld+json\" class=\"yoast-schema-graph\">{\"@context\":\"https:\/\/schema.org\",\"@graph\":[{\"@type\":\"WebPage\",\"@id\":\"https:\/\/le-domaine-de-saint-vigor.fr\/index.php\/evenements-prives-ou-professionnels\/\",\"url\":\"https:\/\/le-domaine-de-saint-vigor.fr\/index.php\/evenements-prives-ou-professionnels\/\",\"name\":\"\u00c9v\u00e8nements priv\u00e9s ou professionnels - Le Domaine De Saint Vigor\",\"isPartOf\":{\"@id\":\"https:\/\/le-domaine-de-saint-vigor.fr\/#website\"},\"primaryImageOfPage\":{\"@id\":\"https:\/\/le-domaine-de-saint-vigor.fr\/index.php\/evenements-prives-ou-professionnels\/#primaryimage\"},\"image\":{\"@id\":\"https:\/\/le-domaine-de-saint-vigor.fr\/index.php\/evenements-prives-ou-professionnels\/#primaryimage\"},\"thumbnailUrl\":\"https:\/\/le-domaine-de-saint-vigor.fr\/wp-content\/uploads\/elementor\/thumbs\/dsv-20-rfv2vmwc1ysfml7fzvgzz54bye6cfy4jxsncn8xwgw.jpg\",\"datePublished\":\"2025-11-25T14:21:09+00:00\",\"dateModified\":\"2026-01-19T17:38:03+00:00\",\"breadcrumb\":{\"@id\":\"https:\/\/le-domaine-de-saint-vigor.fr\/index.php\/evenements-prives-ou-professionnels\/#breadcrumb\"},\"inLanguage\":\"fr-FR\",\"potentialAction\":[{\"@type\":\"ReadAction\",\"target\":[\"https:\/\/le-domaine-de-saint-vigor.fr\/index.php\/evenements-prives-ou-professionnels\/\"]}]},{\"@type\":\"ImageObject\",\"inLanguage\":\"fr-FR\",\"@id\":\"https:\/\/le-domaine-de-saint-vigor.fr\/index.php\/evenements-prives-ou-professionnels\/#primaryimage\",\"url\":\"https:\/\/le-domaine-de-saint-vigor.fr\/wp-content\/uploads\/elementor\/thumbs\/dsv-20-rfv2vmwc1ysfml7fzvgzz54bye6cfy4jxsncn8xwgw.jpg\",\"contentUrl\":\"https:\/\/le-domaine-de-saint-vigor.fr\/wp-content\/uploads\/elementor\/thumbs\/dsv-20-rfv2vmwc1ysfml7fzvgzz54bye6cfy4jxsncn8xwgw.jpg\"},{\"@type\":\"BreadcrumbList\",\"@id\":\"https:\/\/le-domaine-de-saint-vigor.fr\/index.php\/evenements-prives-ou-professionnels\/#breadcrumb\",\"itemListElement\":[{\"@type\":\"ListItem\",\"position\":1,\"name\":\"Accueil\",\"item\":\"https:\/\/le-domaine-de-saint-vigor.fr\/\"},{\"@type\":\"ListItem\",\"position\":2,\"name\":\"\u00c9v\u00e8nements priv\u00e9s ou professionnels\"}]},{\"@type\":\"WebSite\",\"@id\":\"https:\/\/le-domaine-de-saint-vigor.fr\/#website\",\"url\":\"https:\/\/le-domaine-de-saint-vigor.fr\/\",\"name\":\"Le Domaine De Saint-Vigor\",\"description\":\"Lieu d&#039;exception pour le plus beau jour de votre vie\",\"publisher\":{\"@id\":\"https:\/\/le-domaine-de-saint-vigor.fr\/#organization\"},\"alternateName\":\"DSV\",\"potentialAction\":[{\"@type\":\"SearchAction\",\"target\":{\"@type\":\"EntryPoint\",\"urlTemplate\":\"https:\/\/le-domaine-de-saint-vigor.fr\/?s={search_term_string}\"},\"query-input\":{\"@type\":\"PropertyValueSpecification\",\"valueRequired\":true,\"valueName\":\"search_term_string\"}}],\"inLanguage\":\"fr-FR\"},{\"@type\":\"Organization\",\"@id\":\"https:\/\/le-domaine-de-saint-vigor.fr\/#organization\",\"name\":\"Le Domaine De Saint Vigor\",\"alternateName\":\"DSV\",\"url\":\"https:\/\/le-domaine-de-saint-vigor.fr\/\",\"logo\":{\"@type\":\"ImageObject\",\"inLanguage\":\"fr-FR\",\"@id\":\"https:\/\/le-domaine-de-saint-vigor.fr\/#\/schema\/logo\/image\/\",\"url\":\"https:\/\/le-domaine-de-saint-vigor.fr\/wp-content\/uploads\/2025\/12\/dsv-logo.png\",\"contentUrl\":\"https:\/\/le-domaine-de-saint-vigor.fr\/wp-content\/uploads\/2025\/12\/dsv-logo.png\",\"width\":300,\"height\":196,\"caption\":\"Le Domaine De Saint Vigor\"},\"image\":{\"@id\":\"https:\/\/le-domaine-de-saint-vigor.fr\/#\/schema\/logo\/image\/\"},\"sameAs\":[\"https:\/\/www.facebook.com\/ledomainedesaintvigor\"]}]}<\/script>\n<!-- \/ Yoast SEO plugin. -->","yoast_head_json":{"title":"\u00c9v\u00e8nements priv\u00e9s ou professionnels - Le Domaine De Saint Vigor","robots":{"index":"index","follow":"follow","max-snippet":"max-snippet:-1","max-image-preview":"max-image-preview:large","max-video-preview":"max-video-preview:-1"},"canonical":"https:\/\/le-domaine-de-saint-vigor.fr\/index.php\/evenements-prives-ou-professionnels\/","og_locale":"fr_FR","og_type":"article","og_title":"\u00c9v\u00e8nements priv\u00e9s ou professionnels - Le Domaine De Saint Vigor","og_description":"LE DOMAINE DE SAINT VIGOR Lieu d\u2019exception pour le plus beau jour de votre vie\u200b CONTACTEZ-NOUS Le DOMAINE DE SAINT VIGOR \u00c9V\u00c9NEMENTS PRIV\u00c9S \u00c9V\u00c9NEMENTS PROFESSIONNELS Un lieu de f\u00eate pour tous les moments de la vie Pour une f\u00eate familiale, anniversaire ou cousinade, le Domaine de Saint Vigor r\u00e9unit tout ce qu\u2019il faut pour un moment d\u2019exception. Le cadre verdoyant, les grands espaces ext\u00e9rieurs et la salle chaleureuse permettent de personnaliser votre \u00e9v\u00e9nement selon vos envies : brunch dans le parc, repas convivial, jeux pour les enfants ou soir\u00e9e anim\u00e9e. Avec ses 60&nbsp;h\u00e9bergements sur place, la f\u00eate se prolonge sans contrainte, dans un esprit de partage et de d\u00e9tente. Le charme du lieu et l\u2019accompagnement personnalis\u00e9 du Domaine vous promettent des souvenirs durables avec ceux que vous aimez. Le cadre id\u00e9al pour vos \u00e9v\u00e9nements professionnels Pour un s\u00e9minaire, une soir\u00e9e d\u2019entreprise, une journ\u00e9e d\u2019\u00e9quipe ou une r\u00e9union strat\u00e9gique, le&nbsp;Domaine de Saint Vigor&nbsp;offre le cadre id\u00e9al pour allier travail, d\u00e9tente et inspiration.\u2028Son environnement verdoyant, ses vastes espaces ext\u00e9rieurs et sa&nbsp;salle modulable&nbsp;favorisent la&nbsp;cr\u00e9ativit\u00e9, la&nbsp;coh\u00e9sion&nbsp;et les&nbsp;\u00e9changes constructifs.\u2028 Gr\u00e2ce aux&nbsp;h\u00e9bergements sur place, l\u2019exp\u00e9rience se prolonge dans une atmosph\u00e8re conviviale et sereine, propice aux&nbsp;moments de partage&nbsp;et \u00e0 la&nbsp;synergie d\u2019\u00e9quipe.\u2028 L\u2019\u00e9l\u00e9gance du lieu&nbsp;et l\u2019accompagnement sur mesure&nbsp;de l\u2019\u00e9quipe font du Domaine un&nbsp;partenaire privil\u00e9gi\u00e9 pour les \u00e9v\u00e9nements professionnels&nbsp;les plus importants. Un lieu de f\u00eate pour tous les moments de la vie Pour une f\u00eate familiale, anniversaire ou cousinade, le Domaine de Saint Vigor r\u00e9unit tout ce qu\u2019il faut pour un moment d\u2019exception. Le cadre verdoyant, les grands espaces ext\u00e9rieurs et la salle chaleureuse permettent de personnaliser votre \u00e9v\u00e9nement selon vos envies : brunch dans le parc, repas convivial, jeux pour les enfants ou soir\u00e9e anim\u00e9e. Avec ses 60&nbsp;h\u00e9bergements sur place, la f\u00eate se prolonge sans contrainte, dans un esprit de partage et de d\u00e9tente. Le charme du lieu et l\u2019accompagnement personnalis\u00e9 du Domaine vous promettent des souvenirs durables avec ceux que vous aimez. Le cadre id\u00e9al pour vos \u00e9v\u00e9nements professionnels Pour un s\u00e9minaire, une soir\u00e9e d\u2019entreprise, une journ\u00e9e d\u2019\u00e9quipe ou une r\u00e9union strat\u00e9gique, le&nbsp;Domaine de Saint Vigor&nbsp;offre le cadre id\u00e9al pour allier travail, d\u00e9tente et inspiration.\u2028Son environnement verdoyant, ses vastes espaces ext\u00e9rieurs et sa&nbsp;salle modulable&nbsp;favorisent la&nbsp;cr\u00e9ativit\u00e9, la&nbsp;coh\u00e9sion&nbsp;et les&nbsp;\u00e9changes constructifs.\u2028 Gr\u00e2ce aux&nbsp;h\u00e9bergements sur place, l\u2019exp\u00e9rience se prolonge dans une atmosph\u00e8re conviviale et sereine, propice aux&nbsp;moments de partage&nbsp;et \u00e0 la&nbsp;synergie d\u2019\u00e9quipe.\u2028 L\u2019\u00e9l\u00e9gance du lieu&nbsp;et l\u2019accompagnement sur mesure&nbsp;de l\u2019\u00e9quipe font du Domaine un&nbsp;partenaire privil\u00e9gi\u00e9 pour les \u00e9v\u00e9nements professionnels&nbsp;les plus importants. Liens Accueil Pr\u00e9sentation \u00c9v\u00e8nements Mariages \u00c9v\u00e8nements priv\u00e9sou professionnels Prestation \u00e0 la carte Contactez-nous Mentions l\u00e9gales Contact Le Domaine de Saint Vigor 2 route de Cr\u00e8vecoeur, 27930, Saint Vigor Instagram Facebook Le Domaine de Saint Vigor&nbsp; &nbsp; &nbsp; &nbsp; &nbsp; &nbsp; &nbsp; &nbsp; &nbsp;&nbsp;","og_url":"https:\/\/le-domaine-de-saint-vigor.fr\/index.php\/evenements-prives-ou-professionnels\/","og_site_name":"Le Domaine De Saint Vigor","article_publisher":"https:\/\/www.facebook.com\/ledomainedesaintvigor","article_modified_time":"2026-01-19T17:38:03+00:00","og_image":[{"url":"https:\/\/le-domaine-de-saint-vigor.fr\/wp-content\/uploads\/elementor\/thumbs\/dsv-20-rfv2vmwc1ysfml7fzvgzz54bye6cfy4jxsncn8xwgw.jpg","type":"","width":"","height":""}],"twitter_card":"summary_large_image","twitter_misc":{"Dur\u00e9e de lecture estim\u00e9e":"3 minutes"},"schema":{"@context":"https:\/\/schema.org","@graph":[{"@type":"WebPage","@id":"https:\/\/le-domaine-de-saint-vigor.fr\/index.php\/evenements-prives-ou-professionnels\/","url":"https:\/\/le-domaine-de-saint-vigor.fr\/index.php\/evenements-prives-ou-professionnels\/","name":"\u00c9v\u00e8nements priv\u00e9s ou professionnels - Le Domaine De Saint Vigor","isPartOf":{"@id":"https:\/\/le-domaine-de-saint-vigor.fr\/#website"},"primaryImageOfPage":{"@id":"https:\/\/le-domaine-de-saint-vigor.fr\/index.php\/evenements-prives-ou-professionnels\/#primaryimage"},"image":{"@id":"https:\/\/le-domaine-de-saint-vigor.fr\/index.php\/evenements-prives-ou-professionnels\/#primaryimage"},"thumbnailUrl":"https:\/\/le-domaine-de-saint-vigor.fr\/wp-content\/uploads\/elementor\/thumbs\/dsv-20-rfv2vmwc1ysfml7fzvgzz54bye6cfy4jxsncn8xwgw.jpg","datePublished":"2025-11-25T14:21:09+00:00","dateModified":"2026-01-19T17:38:03+00:00","breadcrumb":{"@id":"https:\/\/le-domaine-de-saint-vigor.fr\/index.php\/evenements-prives-ou-professionnels\/#breadcrumb"},"inLanguage":"fr-FR","potentialAction":[{"@type":"ReadAction","target":["https:\/\/le-domaine-de-saint-vigor.fr\/index.php\/evenements-prives-ou-professionnels\/"]}]},{"@type":"ImageObject","inLanguage":"fr-FR","@id":"https:\/\/le-domaine-de-saint-vigor.fr\/index.php\/evenements-prives-ou-professionnels\/#primaryimage","url":"https:\/\/le-domaine-de-saint-vigor.fr\/wp-content\/uploads\/elementor\/thumbs\/dsv-20-rfv2vmwc1ysfml7fzvgzz54bye6cfy4jxsncn8xwgw.jpg","contentUrl":"https:\/\/le-domaine-de-saint-vigor.fr\/wp-content\/uploads\/elementor\/thumbs\/dsv-20-rfv2vmwc1ysfml7fzvgzz54bye6cfy4jxsncn8xwgw.jpg"},{"@type":"BreadcrumbList","@id":"https:\/\/le-domaine-de-saint-vigor.fr\/index.php\/evenements-prives-ou-professionnels\/#breadcrumb","itemListElement":[{"@type":"ListItem","position":1,"name":"Accueil","item":"https:\/\/le-domaine-de-saint-vigor.fr\/"},{"@type":"ListItem","position":2,"name":"\u00c9v\u00e8nements priv\u00e9s ou professionnels"}]},{"@type":"WebSite","@id":"https:\/\/le-domaine-de-saint-vigor.fr\/#website","url":"https:\/\/le-domaine-de-saint-vigor.fr\/","name":"Le Domaine De Saint-Vigor","description":"Lieu d&#039;exception pour le plus beau jour de votre vie","publisher":{"@id":"https:\/\/le-domaine-de-saint-vigor.fr\/#organization"},"alternateName":"DSV","potentialAction":[{"@type":"SearchAction","target":{"@type":"EntryPoint","urlTemplate":"https:\/\/le-domaine-de-saint-vigor.fr\/?s={search_term_string}"},"query-input":{"@type":"PropertyValueSpecification","valueRequired":true,"valueName":"search_term_string"}}],"inLanguage":"fr-FR"},{"@type":"Organization","@id":"https:\/\/le-domaine-de-saint-vigor.fr\/#organization","name":"Le Domaine De Saint Vigor","alternateName":"DSV","url":"https:\/\/le-domaine-de-saint-vigor.fr\/","logo":{"@type":"ImageObject","inLanguage":"fr-FR","@id":"https:\/\/le-domaine-de-saint-vigor.fr\/#\/schema\/logo\/image\/","url":"https:\/\/le-domaine-de-saint-vigor.fr\/wp-content\/uploads\/2025\/12\/dsv-logo.png","contentUrl":"https:\/\/le-domaine-de-saint-vigor.fr\/wp-content\/uploads\/2025\/12\/dsv-logo.png","width":300,"height":196,"caption":"Le Domaine De Saint Vigor"},"image":{"@id":"https:\/\/le-domaine-de-saint-vigor.fr\/#\/schema\/logo\/image\/"},"sameAs":["https:\/\/www.facebook.com\/ledomainedesaintvigor"]}]}},"_links":{"self":[{"href":"https:\/\/le-domaine-de-saint-vigor.fr\/index.php\/wp-json\/wp\/v2\/pages\/604","targetHints":{"allow":["GET"]}}],"collection":[{"href":"https:\/\/le-domaine-de-saint-vigor.fr\/index.php\/wp-json\/wp\/v2\/pages"}],"about":[{"href":"https:\/\/le-domaine-de-saint-vigor.fr\/index.php\/wp-json\/wp\/v2\/types\/page"}],"author":[{"embeddable":true,"href":"https:\/\/le-domaine-de-saint-vigor.fr\/index.php\/wp-json\/wp\/v2\/users\/1"}],"replies":[{"embeddable":true,"href":"https:\/\/le-domaine-de-saint-vigor.fr\/index.php\/wp-json\/wp\/v2\/comments?post=604"}],"version-history":[{"count":274,"href":"https:\/\/le-domaine-de-saint-vigor.fr\/index.php\/wp-json\/wp\/v2\/pages\/604\/revisions"}],"predecessor-version":[{"id":2672,"href":"https:\/\/le-domaine-de-saint-vigor.fr\/index.php\/wp-json\/wp\/v2\/pages\/604\/revisions\/2672"}],"wp:attachment":[{"href":"https:\/\/le-domaine-de-saint-vigor.fr\/index.php\/wp-json\/wp\/v2\/media?parent=604"}],"curies":[{"name":"wp","href":"https:\/\/api.w.org\/{rel}","templated":true}]}}